{"id":1326,"date":"2024-11-08T13:43:21","date_gmt":"2024-11-08T13:43:21","guid":{"rendered":"https:\/\/staging.hoteltoledo.it\/privacy-policy\/"},"modified":"2025-03-26T13:25:07","modified_gmt":"2025-03-26T13:25:07","slug":"privacy-policy","status":"publish","type":"page","link":"https:\/\/hoteltoledo.it\/hu\/privacy-policy\/","title":{"rendered":"Privacy Policy"},"content":{"rendered":"\n<h2 class=\"wp-block-heading\">Szem\u00e9lyes Adatok Kezel\u00e9s\u00e9nek T\u00e1j\u00e9koztat\u00f3ja<br>(13. \u00e9s 14. cikkelyek AZ EUR\u00d3PAI RENDELKEZ\u00c9S NEM 679\/2016)<\/h2>\n\n\n\n<p>Tisztelt Felhaszn\u00e1l\u00f3,<br>A fenti c\u00edm alatt tal\u00e1lhat\u00f3 adatkezel\u0151, a Piazza Brescia 10\/a 30016 Jesolo (VE), ad\u00f3sz\u00e1m \u00e9s VAT sz\u00e1m 02006400275, mint \u201eAdatkezel\u0151\u201d, t\u00e1j\u00e9koztatja \u00d6nt, az Eur\u00f3pai Uni\u00f3 679\/2016-os sz\u00e1m\u00fa rendelete (tov\u00e1bbiakban \u201eEU rendelet\u201d) 13. \u00e9s 14. cikkelyei szerint, hogy az al\u00e1bbiak szerint fogjuk kezelni az \u00d6n adatait:<\/p>\n\n\n\n<ol class=\"wp-block-list\">\n<li><strong>Az Adatkezel\u00e9s T\u00e1rgya<\/strong><br>Az Adatkezel\u0151 t\u00e1j\u00e9koztatja \u00d6nt, hogy a szem\u00e9lyes adatokat, amelyek az \u00d6nre vonatkoznak, mint n\u00e9v, c\u00edm, telefonsz\u00e1m, e-mail c\u00edm, banki \u00e9s\/vagy fizet\u00e9si adatok, stb., a j\u00f6v\u0151ben is kezelhetj\u00fck a GDPR el\u0151\u00edr\u00e1sainak megfelel\u0151en. Az Adatkezel\u0151 a szem\u00e9lyes adatokat jogszer\u0171en kezeli az \u00d6n \u00e1ltal k\u00e9rt szerz\u0151d\u00e9ses vagy el\u0151zetes szerz\u0151d\u00e9ses int\u00e9zked\u00e9sek teljes\u00edt\u00e9se c\u00e9lj\u00e1b\u00f3l (pl. aj\u00e1nlatk\u00e9sz\u00edt\u00e9s).<\/li>\n<\/ol>\n\n\n\n<p>Adatkezel\u00e9snek min\u0151s\u00fcl minden m\u0171velet vagy m\u0171veletsorozat, amely a szem\u00e9lyes adatok gy\u0171jt\u00e9s\u00e9re, r\u00f6gz\u00edt\u00e9s\u00e9re, szervez\u00e9s\u00e9re, t\u00e1rol\u00e1s\u00e1ra, felhaszn\u00e1l\u00e1s\u00e1ra vonatkozik.<\/p>\n\n\n\n<ol start=\"2\" class=\"wp-block-list\">\n<li><strong>Jogi Alap \u00e9s Kezel\u00e9si C\u00e9lok<\/strong><br>Jogi alap: EU rendelet 679\/2016<br>A) Az \u00d6n kifejezett beleegyez\u00e9se n\u00e9lk\u00fcl (EU rendelet 6. cikk b), c), e) pontja) az al\u00e1bbi c\u00e9lokhoz:<br>\u2013 El\u0151zetes szerz\u0151d\u00e9ses, szerz\u0151d\u00e9ses \u00e9s ad\u00f3z\u00e1si k\u00f6telezetts\u00e9gek teljes\u00edt\u00e9se, amelyek az \u00d6nnel fenn\u00e1ll\u00f3 kapcsolatb\u00f3l ad\u00f3dnak;<br>\u2013 Jogi, szab\u00e1lyoz\u00e1si \u00e9s k\u00f6z\u00f6ss\u00e9gi jogszab\u00e1lyok szerinti k\u00f6telezetts\u00e9gek teljes\u00edt\u00e9se;<br>\u2013 Az Adatkezel\u0151 jogainak \u00e9rv\u00e9nyes\u00edt\u00e9se;<br>\u2013 Sz\u00e1mvitel, sz\u00e1ml\u00e1z\u00e1s;<br>\u2013 Ad\u00f3z\u00e1si c\u00e9l\u00fa iratkezel\u00e9s;<br>\u2013 Statisztikai elemz\u00e9sek;<br>\u2013 Biztos\u00edt\u00e1si kezel\u00e9s.<br>Az \u00d6n adatait az al\u00e1bbi c\u00e9lokra kezelj\u00fck:<br>\u2013 Technikai hozz\u00e1f\u00e9r\u00e9s a weboldalhoz; adatok nem ker\u00fclnek ment\u00e9sre b\u00f6ng\u00e9sz\u0151 bez\u00e1r\u00e1sa ut\u00e1n;<br>\u2013 Weboldalon t\u00f6rt\u00e9n\u0151 navig\u00e1ci\u00f3 \u00e9s szem\u00e9lyre szabott tartalomkezel\u00e9s;<br>\u2013 Weboldalon v\u00e9gzett statisztikai elemz\u00e9s.<\/li>\n<\/ol>\n\n\n\n<p>B) Csak az \u00d6n kifejezett beleegyez\u00e9s\u00e9vel (EU rendelet 7. cikk) az al\u00e1bbi marketing \u00e9s\/vagy profiloz\u00e1si c\u00e9lokra:<br>\u2013 H\u00edrlevelek, rekl\u00e1manyagok k\u00fcld\u00e9se.<\/p>\n\n\n\n<p><strong>Cookie-k<\/strong><br>A weboldalon cookie-kat haszn\u00e1lunk a felhaszn\u00e1l\u00f3i \u00e9lm\u00e9ny jav\u00edt\u00e1s\u00e1ra. Tov\u00e1bbi r\u00e9szletek a cookie-k t\u00edpusair\u00f3l \u00e9s kezel\u00e9s\u00fckr\u0151l.<\/p>\n\n\n\n<p><strong>Az Adatok Kezel\u00e9s\u00e9nek M\u00f3dszerei<\/strong><br>Az \u00d6n szem\u00e9lyes adatait a GDPR el\u0151\u00edr\u00e1sai szerint kezelj\u00fck. Az adatok kezel\u00e9se elektronikus, automatiz\u00e1lt m\u00f3don t\u00f6rt\u00e9nik, biztos\u00edtva a biztons\u00e1got \u00e9s az adatv\u00e9delmet.<\/p>\n\n\n\n<p><strong>Adatok Meg\u0151rz\u00e9s\u00e9nek Id\u0151tartama \u00e9s Egy\u00e9b Inform\u00e1ci\u00f3k<\/strong><br>Az Adatkezel\u0151 az adatokat az adatkezel\u00e9si c\u00e9lok el\u00e9r\u00e9s\u00e9hez sz\u00fcks\u00e9ges ideig t\u00e1rolja, legfeljebb a jogszab\u00e1lyok szerint. Az adatokat legfeljebb 2 \u00e9vig t\u00e1roljuk marketing c\u00e9lokra \u00e9s egy \u00e9vig profiloz\u00e1s c\u00e9lj\u00e1b\u00f3l.<\/p>\n\n\n\n<p><strong>Az Adatok Hozz\u00e1f\u00e9rhet\u0151s\u00e9ge<\/strong><br>Az \u00d6n adatai hozz\u00e1f\u00e9rhet\u0151ek a fent eml\u00edtett c\u00e9lok \u00e9rdek\u00e9ben partnerek, munkav\u00e1llal\u00f3k, valamint a szolg\u00e1ltat\u00e1sokat k\u00fcls\u0151leg biztos\u00edt\u00f3 c\u00e9gek sz\u00e1m\u00e1ra.<\/p>\n\n\n\n<p><strong>Adatok Kommunik\u00e1l\u00e1sa<\/strong><br>Az Adatkezel\u0151 az adatokat m\u00e1s szervezetek sz\u00e1m\u00e1ra, t\u00f6rv\u00e9nyi k\u00f6telezetts\u00e9g alapj\u00e1n, tov\u00e1bb\u00edthatja.<\/p>\n\n\n\n<p><strong>Adatok \u00c1tad\u00e1sa<\/strong><br>Az adatok az Adatkezel\u0151 sz\u00e9khely\u00e9n vagy az Eur\u00f3pai Uni\u00f3ban l\u00e9v\u0151 szolg\u00e1ltat\u00f3kon kereszt\u00fcl ker\u00fclnek t\u00e1rol\u00e1sra, de sz\u00fcks\u00e9g eset\u00e9n harmadik orsz\u00e1gokba is \u00e1thelyezhet\u0151k.<\/p>\n\n\n\n<p><strong>Az Adatok Megad\u00e1s\u00e1nak Jellege \u00e9s A Visszautas\u00edt\u00e1s K\u00f6vetkezm\u00e9nyei<\/strong><br>Az adatkezel\u00e9s c\u00e9lj\u00e1b\u00f3l megadott adatokat nem adhatja vissza, \u00e9s az ilyen adatok n\u00e9lk\u00fcl nem tudjuk biztos\u00edtani a k\u00e9rt szolg\u00e1ltat\u00e1sokat.<\/p>\n\n\n\n<p><strong>Az \u00c9rintett Jogai<\/strong><br>Az \u00e9rintett szem\u00e9lyek jogait az EU rendelet 15. cikkelye alapj\u00e1n gyakorolhatj\u00e1k.<\/p>\n\n\n\n<p><strong>A Jogok \u00c9rv\u00e9nyes\u00edt\u00e9se<\/strong><br>A jogok gyakorl\u00e1sa a k\u00f6vetkez\u0151 el\u00e9rhet\u0151s\u00e9gek egyik\u00e9n t\u00f6rt\u00e9nhet.<\/p>\n\n\n\n<p><strong>Kiskor\u00faak<\/strong><br>A kiskor\u00faak adatainak gy\u0171jt\u00e9s\u00e9re nem ker\u00fcl sor.<\/p>\n\n\n\n<p><strong>Nem Az \u00c9rintettn\u00e9l Begy\u0171jt\u00f6tt Szem\u00e9lyes Adatok<\/strong><br>Adatait m\u00e1s adatkezel\u0151k tov\u00e1bb\u00edthatj\u00e1k, de a felhaszn\u00e1l\u00f3nak jog\u00e1ban \u00e1ll tudni az adatok forr\u00e1s\u00e1t.<\/p>\n\n\n\n<p><strong>Adatkezel\u0151 \u00e9s K\u00e9pvisel\u0151k<\/strong><br>Az adatkezel\u0151 neve \u00e9s el\u00e9rhet\u0151s\u00e9gei.<\/p>\n","protected":false},"excerpt":{"rendered":"<p>Szem\u00e9lyes Adatok Kezel\u00e9s\u00e9nek T\u00e1j\u00e9koztat\u00f3ja(13. \u00e9s 14. cikkelyek AZ EUR\u00d3PAI RENDELKEZ\u00c9S NEM 679\/2016) Tisztelt Felhaszn\u00e1l\u00f3,A fenti c\u00edm alatt tal\u00e1lhat\u00f3 adatkezel\u0151, a Piazza Brescia 10\/a 30016 Jesolo (VE), ad\u00f3sz\u00e1m \u00e9s VAT sz\u00e1m 02006400275, mint \u201eAdatkezel\u0151\u201d, t\u00e1j\u00e9koztatja \u00d6nt, az Eur\u00f3pai Uni\u00f3 679\/2016-os sz\u00e1m\u00fa rendelete (tov\u00e1bbiakban \u201eEU rendelet\u201d) 13. \u00e9s 14. cikkelyei szerint, hogy az al\u00e1bbiak szerint fogjuk kezelni [&hellip;]<\/p>\n","protected":false},"author":1,"featured_media":0,"parent":0,"menu_order":0,"comment_status":"closed","ping_status":"open","template":"","meta":{"_acf_changed":false,"footnotes":""},"class_list":["post-1326","page","type-page","status-publish","hentry"],"acf":[],"yoast_head":"<!-- This site is optimized with the Yoast SEO plugin v26.3 - https:\/\/yoast.com\/wordpress\/plugins\/seo\/ -->\n<title>Privacy Policy - Hotel Toledo Jesolo<\/title>\n<meta name=\"description\" content=\"Olvassa el Adatv\u00e9delmi Szab\u00e1lyzatunkat, hogy megtudja, hogyan v\u00e9dj\u00fck szem\u00e9lyes adatait, \u00e9s biztos\u00edtjuk az inform\u00e1ci\u00f3k biztons\u00e1g\u00e1t.\" \/>\n<meta name=\"robots\" content=\"index, follow, max-snippet:-1, max-image-preview:large, max-video-preview:-1\" \/>\n<link rel=\"canonical\" href=\"https:\/\/hoteltoledo.it\/hu\/privacy-policy\/\" \/>\n<meta property=\"og:locale\" content=\"hu_HU\" \/>\n<meta property=\"og:type\" content=\"article\" \/>\n<meta property=\"og:title\" content=\"Privacy Policy - Hotel Toledo Jesolo\" \/>\n<meta property=\"og:description\" content=\"Olvassa el Adatv\u00e9delmi Szab\u00e1lyzatunkat, hogy megtudja, hogyan v\u00e9dj\u00fck szem\u00e9lyes adatait, \u00e9s biztos\u00edtjuk az inform\u00e1ci\u00f3k biztons\u00e1g\u00e1t.\" \/>\n<meta property=\"og:url\" content=\"https:\/\/hoteltoledo.it\/hu\/privacy-policy\/\" \/>\n<meta property=\"og:site_name\" content=\"Hotel Toledo Jesolo\" \/>\n<meta property=\"article:modified_time\" content=\"2025-03-26T13:25:07+00:00\" \/>\n<meta name=\"twitter:card\" content=\"summary_large_image\" \/>\n<meta name=\"twitter:label1\" content=\"Becs\u00fclt olvas\u00e1si id\u0151\" \/>\n\t<meta name=\"twitter:data1\" content=\"3 perc\" \/>\n<script type=\"application\/ld+json\" class=\"yoast-schema-graph\">{\"@context\":\"https:\/\/schema.org\",\"@graph\":[{\"@type\":\"WebPage\",\"@id\":\"https:\/\/hoteltoledo.it\/hu\/privacy-policy\/\",\"url\":\"https:\/\/hoteltoledo.it\/hu\/privacy-policy\/\",\"name\":\"Privacy Policy - Hotel Toledo Jesolo\",\"isPartOf\":{\"@id\":\"https:\/\/hoteltoledo.it\/hu\/#website\"},\"datePublished\":\"2024-11-08T13:43:21+00:00\",\"dateModified\":\"2025-03-26T13:25:07+00:00\",\"description\":\"Olvassa el Adatv\u00e9delmi Szab\u00e1lyzatunkat, hogy megtudja, hogyan v\u00e9dj\u00fck szem\u00e9lyes adatait, \u00e9s biztos\u00edtjuk az inform\u00e1ci\u00f3k biztons\u00e1g\u00e1t.\",\"breadcrumb\":{\"@id\":\"https:\/\/hoteltoledo.it\/hu\/privacy-policy\/#breadcrumb\"},\"inLanguage\":\"hu\",\"potentialAction\":[{\"@type\":\"ReadAction\",\"target\":[\"https:\/\/hoteltoledo.it\/hu\/privacy-policy\/\"]}]},{\"@type\":\"BreadcrumbList\",\"@id\":\"https:\/\/hoteltoledo.it\/hu\/privacy-policy\/#breadcrumb\",\"itemListElement\":[{\"@type\":\"ListItem\",\"position\":1,\"name\":\"Home\",\"item\":\"https:\/\/hoteltoledo.it\/hu\/\"},{\"@type\":\"ListItem\",\"position\":2,\"name\":\"Privacy Policy\"}]},{\"@type\":\"WebSite\",\"@id\":\"https:\/\/hoteltoledo.it\/hu\/#website\",\"url\":\"https:\/\/hoteltoledo.it\/hu\/\",\"name\":\"Hotel Toledo Jesolo\",\"description\":\"\",\"publisher\":{\"@id\":\"https:\/\/hoteltoledo.it\/hu\/#organization\"},\"potentialAction\":[{\"@type\":\"SearchAction\",\"target\":{\"@type\":\"EntryPoint\",\"urlTemplate\":\"https:\/\/hoteltoledo.it\/hu\/?s={search_term_string}\"},\"query-input\":{\"@type\":\"PropertyValueSpecification\",\"valueRequired\":true,\"valueName\":\"search_term_string\"}}],\"inLanguage\":\"hu\"},{\"@type\":\"Organization\",\"@id\":\"https:\/\/hoteltoledo.it\/hu\/#organization\",\"name\":\"Hotel Toledo Jesolo\",\"url\":\"https:\/\/hoteltoledo.it\/hu\/\",\"logo\":{\"@type\":\"ImageObject\",\"inLanguage\":\"hu\",\"@id\":\"https:\/\/hoteltoledo.it\/hu\/#\/schema\/logo\/image\/\",\"url\":\"https:\/\/hoteltoledo.it\/wp-content\/uploads\/2024\/11\/Hotel_Toledo_Jesolo-e1732787787582.png\",\"contentUrl\":\"https:\/\/hoteltoledo.it\/wp-content\/uploads\/2024\/11\/Hotel_Toledo_Jesolo-e1732787787582.png\",\"width\":250,\"height\":77,\"caption\":\"Hotel Toledo Jesolo\"},\"image\":{\"@id\":\"https:\/\/hoteltoledo.it\/hu\/#\/schema\/logo\/image\/\"}}]}<\/script>\n<!-- \/ Yoast SEO plugin. -->","yoast_head_json":{"title":"Privacy Policy - Hotel Toledo Jesolo","description":"Olvassa el Adatv\u00e9delmi Szab\u00e1lyzatunkat, hogy megtudja, hogyan v\u00e9dj\u00fck szem\u00e9lyes adatait, \u00e9s biztos\u00edtjuk az inform\u00e1ci\u00f3k biztons\u00e1g\u00e1t.","robots":{"index":"index","follow":"follow","max-snippet":"max-snippet:-1","max-image-preview":"max-image-preview:large","max-video-preview":"max-video-preview:-1"},"canonical":"https:\/\/hoteltoledo.it\/hu\/privacy-policy\/","og_locale":"hu_HU","og_type":"article","og_title":"Privacy Policy - Hotel Toledo Jesolo","og_description":"Olvassa el Adatv\u00e9delmi Szab\u00e1lyzatunkat, hogy megtudja, hogyan v\u00e9dj\u00fck szem\u00e9lyes adatait, \u00e9s biztos\u00edtjuk az inform\u00e1ci\u00f3k biztons\u00e1g\u00e1t.","og_url":"https:\/\/hoteltoledo.it\/hu\/privacy-policy\/","og_site_name":"Hotel Toledo Jesolo","article_modified_time":"2025-03-26T13:25:07+00:00","twitter_card":"summary_large_image","twitter_misc":{"Becs\u00fclt olvas\u00e1si id\u0151":"3 perc"},"schema":{"@context":"https:\/\/schema.org","@graph":[{"@type":"WebPage","@id":"https:\/\/hoteltoledo.it\/hu\/privacy-policy\/","url":"https:\/\/hoteltoledo.it\/hu\/privacy-policy\/","name":"Privacy Policy - Hotel Toledo Jesolo","isPartOf":{"@id":"https:\/\/hoteltoledo.it\/hu\/#website"},"datePublished":"2024-11-08T13:43:21+00:00","dateModified":"2025-03-26T13:25:07+00:00","description":"Olvassa el Adatv\u00e9delmi Szab\u00e1lyzatunkat, hogy megtudja, hogyan v\u00e9dj\u00fck szem\u00e9lyes adatait, \u00e9s biztos\u00edtjuk az inform\u00e1ci\u00f3k biztons\u00e1g\u00e1t.","breadcrumb":{"@id":"https:\/\/hoteltoledo.it\/hu\/privacy-policy\/#breadcrumb"},"inLanguage":"hu","potentialAction":[{"@type":"ReadAction","target":["https:\/\/hoteltoledo.it\/hu\/privacy-policy\/"]}]},{"@type":"BreadcrumbList","@id":"https:\/\/hoteltoledo.it\/hu\/privacy-policy\/#breadcrumb","itemListElement":[{"@type":"ListItem","position":1,"name":"Home","item":"https:\/\/hoteltoledo.it\/hu\/"},{"@type":"ListItem","position":2,"name":"Privacy Policy"}]},{"@type":"WebSite","@id":"https:\/\/hoteltoledo.it\/hu\/#website","url":"https:\/\/hoteltoledo.it\/hu\/","name":"Hotel Toledo Jesolo","description":"","publisher":{"@id":"https:\/\/hoteltoledo.it\/hu\/#organization"},"potentialAction":[{"@type":"SearchAction","target":{"@type":"EntryPoint","urlTemplate":"https:\/\/hoteltoledo.it\/hu\/?s={search_term_string}"},"query-input":{"@type":"PropertyValueSpecification","valueRequired":true,"valueName":"search_term_string"}}],"inLanguage":"hu"},{"@type":"Organization","@id":"https:\/\/hoteltoledo.it\/hu\/#organization","name":"Hotel Toledo Jesolo","url":"https:\/\/hoteltoledo.it\/hu\/","logo":{"@type":"ImageObject","inLanguage":"hu","@id":"https:\/\/hoteltoledo.it\/hu\/#\/schema\/logo\/image\/","url":"https:\/\/hoteltoledo.it\/wp-content\/uploads\/2024\/11\/Hotel_Toledo_Jesolo-e1732787787582.png","contentUrl":"https:\/\/hoteltoledo.it\/wp-content\/uploads\/2024\/11\/Hotel_Toledo_Jesolo-e1732787787582.png","width":250,"height":77,"caption":"Hotel Toledo Jesolo"},"image":{"@id":"https:\/\/hoteltoledo.it\/hu\/#\/schema\/logo\/image\/"}}]}},"_links":{"self":[{"href":"https:\/\/hoteltoledo.it\/hu\/wp-json\/wp\/v2\/pages\/1326","targetHints":{"allow":["GET"]}}],"collection":[{"href":"https:\/\/hoteltoledo.it\/hu\/wp-json\/wp\/v2\/pages"}],"about":[{"href":"https:\/\/hoteltoledo.it\/hu\/wp-json\/wp\/v2\/types\/page"}],"author":[{"embeddable":true,"href":"https:\/\/hoteltoledo.it\/hu\/wp-json\/wp\/v2\/users\/1"}],"replies":[{"embeddable":true,"href":"https:\/\/hoteltoledo.it\/hu\/wp-json\/wp\/v2\/comments?post=1326"}],"version-history":[{"count":3,"href":"https:\/\/hoteltoledo.it\/hu\/wp-json\/wp\/v2\/pages\/1326\/revisions"}],"predecessor-version":[{"id":1343,"href":"https:\/\/hoteltoledo.it\/hu\/wp-json\/wp\/v2\/pages\/1326\/revisions\/1343"}],"wp:attachment":[{"href":"https:\/\/hoteltoledo.it\/hu\/wp-json\/wp\/v2\/media?parent=1326"}],"curies":[{"name":"wp","href":"https:\/\/api.w.org\/{rel}","templated":true}]}}